{"id":2666,"date":"2021-01-17T11:15:45","date_gmt":"2021-01-17T10:15:45","guid":{"rendered":"http:\/\/ckplac.org\/?page_id=2666"},"modified":"2021-02-06T21:32:30","modified_gmt":"2021-02-06T20:32:30","slug":"ontologija-radija","status":"publish","type":"page","link":"https:\/\/www.ckplac.org\/hu\/plac-radio\/ontologija-radija\/","title":{"rendered":"A r\u00e1di\u00f3 ontol\u00f3gi\u00e1ja"},"content":{"rendered":"<section class=\"wpb-content-wrapper\"><div      class=\"vc_row wpb_row section vc_row-fluid\" style=' text-align:left;'><div class=\"full_section_inner clearfix\"><div class=\"wpb_column vc_column_container vc_col-sm-4\"><div class=\"vc_column-inner\"><div class=\"wpb_wrapper\"><div class='q_elements_holder one_column responsive_mode_from_768' ><div class='q_elements_item' data-600-768='0px 10px 40px 10px' data-480-600='0px 10px 40px 10px' data-480='0px 10px 40px 10px' data-animation='no' data-item-class='q_elements_holder_custom_638398'><div class='q_elements_item_inner'><div class='q_elements_item_content q_elements_holder_custom_638398' style='padding:0px 0px 0px 0px'>\n\t<div class=\"wpb_single_image wpb_content_element vc_align_left\">\n\t\t<div class=\"wpb_wrapper\">\n\t\t\t\n\t\t\t<div class=\"vc_single_image-wrapper   vc_box_border_grey\"><img class=\"vc_single_image-img\" src=\"https:\/\/www.ckplac.org\/wp-content\/uploads\/2021\/01\/filozof-600x600.jpg\" width=\"600\" height=\"600\" alt=\"filozof\" title=\"filozof\" \/><\/div>\n\t\t<\/div>\n\t<\/div>\n\t<div class=\"vc_empty_space\"  style=\"height: 20px\" ><span\n\t\t\tclass=\"vc_empty_space_inner\">\n\t\t\t<span class=\"empty_space_image\"  ><\/span>\n\t\t<\/span><\/div>\n\n<div class=\"social_share_list_holder\"><span>Share on: <\/span><ul><li class=\"facebook_share\"><a title=\"Share on Facebook\" href=\"javascript:void(0)\" onclick=\"window.open('http:\/\/www.facebook.com\/sharer.php?u=https%3A%2F%2Fwww.ckplac.org%2Fhu%2Fplac-radio%2Fontologija-radija%2F', 'sharer', 'toolbar=0,status=0,width=620,height=280');\"><i class=\"fa fa-facebook\"><\/i><\/a><\/li><li class=\"twitter_share\"><a href=\"#\" title=\"Share on Twitter\" onclick=\"popUp=window.open('http:\/\/twitter.com\/home?status=https:\/\/www.ckplac.org\/hu\/plac-radio\/ontologija-radija\/', 'popupwindow', 'scrollbars=yes,width=800,height=400');popUp.focus();return false;\"><i class=\"fa fa-twitter\"><\/i><\/a><\/li><li  class=\"pinterest_share\"><a href=\"#\" title=\"Share on Pinterest\" onclick=\"popUp=window.open('http:\/\/pinterest.com\/pin\/create\/button\/?url=https%3A%2F%2Fwww.ckplac.org%2Fhu%2Fplac-radio%2Fontologija-radija%2F&amp;description=Ontologija radija&amp;media=https%3A%2F%2Fwww.ckplac.org%2Fwp-content%2Fuploads%2F2021%2F01%2Ffilozof.jpg', 'popupwindow', 'scrollbars=yes,width=800,height=400');popUp.focus();return false\"><i class=\"fa fa-pinterest\"><\/i><\/a><\/li><\/ul><\/div><\/div><\/div><\/div><\/div><\/div><\/div><\/div><div class=\"wpb_column vc_column_container vc_col-sm-8\"><div class=\"vc_column-inner\"><div class=\"wpb_wrapper\"><div class='q_elements_holder one_column responsive_mode_from_768' ><div class='q_elements_item' data-600-768='0px 10px 40px 10px' data-480-600='0px 10px 40px 10px' data-480='0px 10px 40px 10px' data-animation='no' data-item-class='q_elements_holder_custom_610193'><div class='q_elements_item_inner'><div class='q_elements_item_content q_elements_holder_custom_610193' style='padding:0px 0px 60px 30px'>\n\t<div class=\"wpb_text_column wpb_content_element\">\n\t\t<div class=\"wpb_wrapper\">\n\t\t\t<h6>A M\u0170SORR\u00d3L<\/h6>\n\n\t\t<\/div> \n\t<\/div> <div class=\"separator  normal\" style=\"background-color: #f2f2f2;height: 1px;\"><\/div>\n\t<div class=\"vc_empty_space\"  style=\"height: 20px\" ><span\n\t\t\tclass=\"vc_empty_space_inner\">\n\t\t\t<span class=\"empty_space_image\"  ><\/span>\n\t\t<\/span><\/div>\n\n\n\t<div class=\"wpb_text_column wpb_content_element\">\n\t\t<div class=\"wpb_wrapper\">\n\t\t\t<p>A r\u00e1di\u00f3 jelens\u00e9g\u00e9t \u00e9s a r\u00e1di\u00f3f\u00f3nia kifejez\u00e9st kutatjuk. A t\u00f6rv\u00e9nyszer\u0171s\u00e9g felkutat\u00e1s\u00e1val gondoljuk v\u00e9gig, mi lehet az \u00e9s mi kell, hogy legyen. A R\u00e1di\u00f3 ontol\u00f3gi\u00e1ja egy ny\u00edlt k\u00eds\u00e9rlet \u00e9s a r\u00e1di\u00f3s kifejez\u00e9sform\u00e1k elm\u00e9leti megk\u00f6zel\u00edt\u00e9se mellett megpr\u00f3b\u00e1lunk a hangi manipul\u00e1ci\u00f3kkal is elj\u00e1tszani. Egy m\u0171sor, amely sz\u00e1guld az ismeretlenbe, sz\u00e1nd\u00e9kosan kiker\u00fclve a megszokott komfortz\u00f3n\u00e1kat.<\/p>\n\n\t\t<\/div> \n\t<\/div> \t<div class=\"vc_empty_space\"  style=\"height: 20px\" ><span\n\t\t\tclass=\"vc_empty_space_inner\">\n\t\t\t<span class=\"empty_space_image\"  ><\/span>\n\t\t<\/span><\/div>\n\n\n\t<div class=\"wpb_text_column wpb_content_element\">\n\t\t<div class=\"wpb_wrapper\">\n\t\t\t<p><strong>A m\u0171sort vezeti \u00e9s rendezi:<\/strong> PLAC R\u00c1DI\u00d3<\/p>\n<p><strong>M\u0171szaki el\u0151k\u00e9sz\u00edt\u0151:<\/strong> Petar Mitri\u0107<\/p>\n\n\t\t<\/div> \n\t<\/div> <\/div><\/div><\/div><\/div><div class='q_elements_holder one_column responsive_mode_from_768' ><div class='q_elements_item' data-600-768='0px 10px 40px 10px' data-480-600='0px 10px 40px 10px' data-480='0px 10px 40px 10px' data-animation='no' data-item-class='q_elements_holder_custom_882365'><div class='q_elements_item_inner'><div class='q_elements_item_content q_elements_holder_custom_882365' style='padding:0px 0px 80px 30px'>\n\t<div class=\"wpb_text_column wpb_content_element\">\n\t\t<div class=\"wpb_wrapper\">\n\t\t\t<h6>ARCH\u00cdVUM<\/h6>\n\n\t\t<\/div> \n\t<\/div> <div class=\"separator  normal\" style=\"background-color: #f2f2f2;height: 1px;\"><\/div>\n\t<div class=\"vc_empty_space\"  style=\"height: 20px\" ><span\n\t\t\tclass=\"vc_empty_space_inner\">\n\t\t\t<span class=\"empty_space_image\"  ><\/span>\n\t\t<\/span><\/div>\n\n<div class=\"qode-accordion-holder clearfix qode-accordion qode-initial\">\n\t<h5 class=\"clearfix qode-title-holder\">\n<span class=\"qode-tab-title\">\n\t    <span class=\"qode-tab-title-inner\">\n        2021    <\/span>\n<\/span>\n<span class=\"qode-accordion-mark\">\n    <span class=\"qode-accordion-mark-icon\">\n        <span class=\"icon_plus\"><\/span>\n        <span class=\"icon_minus-06\"><\/span>\n    <\/span>\n<\/span>\n<\/h5>\n<div  class=\"qode-accordion-content\" >\n    <div class=\"qode-accordion-content-inner\">\n        \n\t<div class=\"wpb_raw_code wpb_content_element wpb_raw_html\" >\n\t\t<div class=\"wpb_wrapper\">\n\t\t\t<iframe title=\"Ontologija Radija - Epizoda 1 - Net1zen\" width=\"100%\" height=\"120\" src=\"https:\/\/www.mixcloud.com\/widget\/iframe\/?feed=https%3A%2F%2Fwww.mixcloud.com%2Fradioplac%2Fontologija-radija-epizoda-1-net1zen%2F&amp;hide_cover=1\" frameborder=\"0\"><\/iframe>\n\t\t<\/div>\n\t<\/div>\n\t<div class=\"vc_empty_space\"  style=\"height: 10px\" ><span\n\t\t\tclass=\"vc_empty_space_inner\">\n\t\t\t<span class=\"empty_space_image\"  ><\/span>\n\t\t<\/span><\/div>\n\n\n\t<div class=\"wpb_raw_code wpb_content_element wpb_raw_html\" >\n\t\t<div class=\"wpb_wrapper\">\n\t\t\t<iframe title=\"Ontologija Radija - Epizoda 2 - Boris \u010cegar\" width=\"100%\" height=\"120\" src=\"https:\/\/www.mixcloud.com\/widget\/iframe\/?feed=https%3A%2F%2Fwww.mixcloud.com%2Fradioplac%2Fontologija-radija-epizoda-2-boris-%25C4%258Degar%2F&amp;hide_cover=1\" frameborder=\"0\"><\/iframe>\n\t\t<\/div>\n\t<\/div>\n\t<div class=\"vc_empty_space\"  style=\"height: 10px\" ><span\n\t\t\tclass=\"vc_empty_space_inner\">\n\t\t\t<span class=\"empty_space_image\"  ><\/span>\n\t\t<\/span><\/div>\n\n\n\t<div class=\"wpb_raw_code wpb_content_element wpb_raw_html\" >\n\t\t<div class=\"wpb_wrapper\">\n\t\t\t\n\t\t<\/div>\n\t<\/div>\n    <\/div>\n<\/div><\/div><\/div><\/div><\/div><\/div><\/div><\/div><\/div><\/div><\/div>\n<\/section>","protected":false},"excerpt":{"rendered":"Share on: O emisiji Istra\u017eujemo fenomen radija i radiofonskog izraza. Putem otkrivanja zakonitosti, promi\u0161ljamo \u0161ta...","protected":false},"author":2,"featured_media":2667,"parent":13,"menu_order":0,"comment_status":"closed","ping_status":"closed","template":"","meta":{"inline_featured_image":false,"footnotes":""},"aioseo_notices":[],"_links":{"self":[{"href":"https:\/\/www.ckplac.org\/hu\/wp-json\/wp\/v2\/pages\/2666"}],"collection":[{"href":"https:\/\/www.ckplac.org\/hu\/wp-json\/wp\/v2\/pages"}],"about":[{"href":"https:\/\/www.ckplac.org\/hu\/wp-json\/wp\/v2\/types\/page"}],"author":[{"embeddable":true,"href":"https:\/\/www.ckplac.org\/hu\/wp-json\/wp\/v2\/users\/2"}],"replies":[{"embeddable":true,"href":"https:\/\/www.ckplac.org\/hu\/wp-json\/wp\/v2\/comments?post=2666"}],"version-history":[{"count":4,"href":"https:\/\/www.ckplac.org\/hu\/wp-json\/wp\/v2\/pages\/2666\/revisions"}],"predecessor-version":[{"id":3521,"href":"https:\/\/www.ckplac.org\/hu\/wp-json\/wp\/v2\/pages\/2666\/revisions\/3521"}],"up":[{"embeddable":true,"href":"https:\/\/www.ckplac.org\/hu\/wp-json\/wp\/v2\/pages\/13"}],"wp:featuredmedia":[{"embeddable":true,"href":"https:\/\/www.ckplac.org\/hu\/wp-json\/wp\/v2\/media\/2667"}],"wp:attachment":[{"href":"https:\/\/www.ckplac.org\/hu\/wp-json\/wp\/v2\/media?parent=2666"}],"curies":[{"name":"wp","href":"https:\/\/api.w.org\/{rel}","templated":true}]}}