{"id":3929,"date":"2021-04-28T10:03:38","date_gmt":"2021-04-28T08:03:38","guid":{"rendered":"https:\/\/www.ckplac.org\/?page_id=3929"},"modified":"2021-12-08T12:22:37","modified_gmt":"2021-12-08T11:22:37","slug":"fono-i-sofia","status":"publish","type":"page","link":"https:\/\/www.ckplac.org\/en\/plac-radio\/fono-i-sofia\/","title":{"rendered":"Fono and Sofia"},"content":{"rendered":"<section class=\"wpb-content-wrapper\"><div      class=\"vc_row wpb_row section vc_row-fluid\" style=' text-align:left;'><div class=\"full_section_inner clearfix\"><div class=\"wpb_column vc_column_container vc_col-sm-4\"><div class=\"vc_column-inner\"><div class=\"wpb_wrapper\"><div class='q_elements_holder one_column responsive_mode_from_768' ><div class='q_elements_item' data-600-768='0px 10px 40px 10px' data-480-600='0px 10px 40px 10px' data-480='0px 10px 40px 10px' data-animation='no' data-item-class='q_elements_holder_custom_476970'><div class='q_elements_item_inner'><div class='q_elements_item_content q_elements_holder_custom_476970' style='padding:0px 0px 0px 0px'>\n\t<div class=\"wpb_single_image wpb_content_element vc_align_left\">\n\t\t<div class=\"wpb_wrapper\">\n\t\t\t\n\t\t\t<div class=\"vc_single_image-wrapper   vc_box_border_grey\"><img class=\"vc_single_image-img\" src=\"https:\/\/www.ckplac.org\/wp-content\/uploads\/2021\/04\/Untitled-1-1-600x600.jpg\" width=\"600\" height=\"600\" alt=\"Untitled-1\" title=\"Untitled-1\" \/><\/div>\n\t\t<\/div>\n\t<\/div>\n\t<div class=\"vc_empty_space\"  style=\"height: 20px\" ><span\n\t\t\tclass=\"vc_empty_space_inner\">\n\t\t\t<span class=\"empty_space_image\"  ><\/span>\n\t\t<\/span><\/div>\n\n<div class=\"social_share_list_holder\"><span>Share on: <\/span><ul><li class=\"facebook_share\"><a title=\"Share on Facebook\" href=\"javascript:void(0)\" onclick=\"window.open('http:\/\/www.facebook.com\/sharer.php?u=https%3A%2F%2Fwww.ckplac.org%2Fen%2Fplac-radio%2Ffono-i-sofia%2F', 'sharer', 'toolbar=0,status=0,width=620,height=280');\"><i class=\"fa fa-facebook\"><\/i><\/a><\/li><li class=\"twitter_share\"><a href=\"#\" title=\"Share on Twitter\" onclick=\"popUp=window.open('http:\/\/twitter.com\/home?status=https:\/\/www.ckplac.org\/en\/plac-radio\/fono-i-sofia\/', 'popupwindow', 'scrollbars=yes,width=800,height=400');popUp.focus();return false;\"><i class=\"fa fa-twitter\"><\/i><\/a><\/li><li  class=\"pinterest_share\"><a href=\"#\" title=\"Share on Pinterest\" onclick=\"popUp=window.open('http:\/\/pinterest.com\/pin\/create\/button\/?url=https%3A%2F%2Fwww.ckplac.org%2Fen%2Fplac-radio%2Ffono-i-sofia%2F&amp;description=Fono i Sofia&amp;media=https%3A%2F%2Fwww.ckplac.org%2Fwp-content%2Fuploads%2F2021%2F04%2FUntitled-1-1.jpg', 'popupwindow', 'scrollbars=yes,width=800,height=400');popUp.focus();return false\"><i class=\"fa fa-pinterest\"><\/i><\/a><\/li><\/ul><\/div><\/div><\/div><\/div><\/div><\/div><\/div><\/div><div class=\"wpb_column vc_column_container vc_col-sm-8\"><div class=\"vc_column-inner\"><div class=\"wpb_wrapper\"><div class='q_elements_holder one_column responsive_mode_from_768' ><div class='q_elements_item' data-600-768='0px 10px 40px 10px' data-480-600='0px 10px 40px 10px' data-480='0px 10px 40px 10px' data-animation='no' data-item-class='q_elements_holder_custom_405756'><div class='q_elements_item_inner'><div class='q_elements_item_content q_elements_holder_custom_405756' style='padding:0px 0px 60px 30px'>\n\t<div class=\"wpb_text_column wpb_content_element\">\n\t\t<div class=\"wpb_wrapper\">\n\t\t\t<h6>O emisiji<\/h6>\n\n\t\t<\/div> \n\t<\/div> <div class=\"separator  normal\" style=\"background-color: #f2f2f2;height: 1px;\"><\/div>\n\t<div class=\"vc_empty_space\"  style=\"height: 20px\" ><span\n\t\t\tclass=\"vc_empty_space_inner\">\n\t\t\t<span class=\"empty_space_image\"  ><\/span>\n\t\t<\/span><\/div>\n\n\n\t<div class=\"wpb_text_column wpb_content_element\">\n\t\t<div class=\"wpb_wrapper\">\n\t\t\t<p>Stvaranjem kompozicija koje se ne vezuju za re\u010di otvaramo prostor imaginacije te podsti\u010demo decu da u svom umu kreiraju originalne svetove koji nisu verbalno ili vizuelno uslovljeni. Stavljaju\u0107i fokus na muziku bez glasovnih i verbalnih zna\u010denja, u\u010dimo decu da aktivno slu\u0161aju i do\u017eivljavaju muziku u svojoj \u010distoj formi sa \u0161irokim mogu\u0107nostima do\u017eivljaja i interpretacije jezika muzike.<\/p>\n<p>&nbsp;<\/p>\n<p>Fono i Sofia bi\u0107e emisija na Radiju Plac u kojoj \u0107e se emitovati kompozicije nastale kroz ovaj poziv i prva kompilacija originalne, autorske, instrumentalne muzike za decu kod nas.<\/p>\n<p>&nbsp;<\/p>\n<p>Na na\u0161 poziv javilo se 16 izvo\u0111a\u010da iz Srbije, Hrvatske, Makedonije i Ma\u0111arske, sa 31 kompozicijom:<\/p>\n<p>&nbsp;<\/p>\n<p><iframe loading=\"lazy\" title=\"Fono I Sofija \/ Instrumentalna Muzika Za Decu (2021)\" width=\"100%\" height=\"120\" src=\"https:\/\/www.mixcloud.com\/widget\/iframe\/?feed=https%3A%2F%2Fwww.mixcloud.com%2Fradioplac%2Ffono-i-sofija-instrumentalna-muzika-za-decu-2021%2F&amp;hide_cover=1\" frameborder=\"0\"><\/iframe><\/p>\n<p>&nbsp;<\/p>\n<p>Autori i izvo\u0111a\u010di:<\/p>\n<p>&nbsp;<\/p>\n<ol>\n<li>Angelina Galjevi\u0107<\/li>\n<\/ol>\n<p>\u201cCloud Bloom\u201d izvodi Angelina Galjevi\u0107, klavir<\/p>\n<p>\u201cWake Up\u201d, \u00a0izvode: Olivera Vukovi\u0107: violina, Milica Vuji\u010di\u0107: flauta, \u0110or\u0111e Nikoli\u0107: violon\u010delo, Uro\u0161 Mileki\u0107: violon\u010delo<\/p>\n<p>&nbsp;<\/p>\n<p><img decoding=\"async\" loading=\"lazy\" class=\"alignnone size-medium wp-image-3954\" src=\"https:\/\/www.ckplac.org\/wp-content\/uploads\/2021\/05\/Angelina-Galjevic-Cloud-Bloom-300x300.jpg\" alt=\"\" width=\"300\" height=\"300\" srcset=\"https:\/\/www.ckplac.org\/wp-content\/uploads\/2021\/05\/Angelina-Galjevic-Cloud-Bloom-300x300.jpg 300w, https:\/\/www.ckplac.org\/wp-content\/uploads\/2021\/05\/Angelina-Galjevic-Cloud-Bloom-100x100.jpg 100w, https:\/\/www.ckplac.org\/wp-content\/uploads\/2021\/05\/Angelina-Galjevic-Cloud-Bloom-150x150.jpg 150w, https:\/\/www.ckplac.org\/wp-content\/uploads\/2021\/05\/Angelina-Galjevic-Cloud-Bloom-12x12.jpg 12w, https:\/\/www.ckplac.org\/wp-content\/uploads\/2021\/05\/Angelina-Galjevic-Cloud-Bloom.jpg 500w\" sizes=\"(max-width: 300px) 100vw, 300px\" \/><img decoding=\"async\" loading=\"lazy\" class=\"alignnone size-medium wp-image-3955\" src=\"https:\/\/www.ckplac.org\/wp-content\/uploads\/2021\/05\/Angelina-Galjevic-Wake-Up-300x300.jpg\" alt=\"\" width=\"300\" height=\"300\" srcset=\"https:\/\/www.ckplac.org\/wp-content\/uploads\/2021\/05\/Angelina-Galjevic-Wake-Up-300x300.jpg 300w, https:\/\/www.ckplac.org\/wp-content\/uploads\/2021\/05\/Angelina-Galjevic-Wake-Up-100x100.jpg 100w, https:\/\/www.ckplac.org\/wp-content\/uploads\/2021\/05\/Angelina-Galjevic-Wake-Up-150x150.jpg 150w, https:\/\/www.ckplac.org\/wp-content\/uploads\/2021\/05\/Angelina-Galjevic-Wake-Up-12x12.jpg 12w, https:\/\/www.ckplac.org\/wp-content\/uploads\/2021\/05\/Angelina-Galjevic-Wake-Up.jpg 500w\" sizes=\"(max-width: 300px) 100vw, 300px\" \/><\/p>\n<p>&nbsp;<\/p>\n<ol start=\"2\">\n<li>Bo\u0161ko Stanojevi\u0107<\/li>\n<\/ol>\n<p>\u201cOblaci III\u201d<\/p>\n<p><img decoding=\"async\" loading=\"lazy\" class=\"alignnone size-medium wp-image-3956\" src=\"https:\/\/www.ckplac.org\/wp-content\/uploads\/2021\/05\/Bosko-Stanojevic-300x300.jpg\" alt=\"\" width=\"300\" height=\"300\" srcset=\"https:\/\/www.ckplac.org\/wp-content\/uploads\/2021\/05\/Bosko-Stanojevic-300x300.jpg 300w, https:\/\/www.ckplac.org\/wp-content\/uploads\/2021\/05\/Bosko-Stanojevic-100x100.jpg 100w, https:\/\/www.ckplac.org\/wp-content\/uploads\/2021\/05\/Bosko-Stanojevic-150x150.jpg 150w, https:\/\/www.ckplac.org\/wp-content\/uploads\/2021\/05\/Bosko-Stanojevic-12x12.jpg 12w, https:\/\/www.ckplac.org\/wp-content\/uploads\/2021\/05\/Bosko-Stanojevic.jpg 500w\" sizes=\"(max-width: 300px) 100vw, 300px\" \/><\/p>\n<p>&nbsp;<\/p>\n<ol start=\"3\">\n<li>Col Legno<\/li>\n<\/ol>\n<p>\u201cEletem szerelmei &#8211; Szerelembol legjobb baratsag &#8211; Mese\u201d<\/p>\n<p><img decoding=\"async\" loading=\"lazy\" class=\"alignnone size-medium wp-image-3957\" src=\"https:\/\/www.ckplac.org\/wp-content\/uploads\/2021\/05\/Col-Legno-300x300.jpg\" alt=\"\" width=\"300\" height=\"300\" srcset=\"https:\/\/www.ckplac.org\/wp-content\/uploads\/2021\/05\/Col-Legno-300x300.jpg 300w, https:\/\/www.ckplac.org\/wp-content\/uploads\/2021\/05\/Col-Legno-100x100.jpg 100w, https:\/\/www.ckplac.org\/wp-content\/uploads\/2021\/05\/Col-Legno-150x150.jpg 150w, https:\/\/www.ckplac.org\/wp-content\/uploads\/2021\/05\/Col-Legno-12x12.jpg 12w, https:\/\/www.ckplac.org\/wp-content\/uploads\/2021\/05\/Col-Legno.jpg 500w\" sizes=\"(max-width: 300px) 100vw, 300px\" \/><\/p>\n<p>&nbsp;<\/p>\n<ol start=\"4\">\n<li>Bor<\/li>\n<\/ol>\n<p>\u201cDisco deca\u201d, izvo\u0111a\u010d Ivan \u0160aravanja<\/p>\n<p><img decoding=\"async\" loading=\"lazy\" class=\"alignnone size-medium wp-image-3958\" src=\"https:\/\/www.ckplac.org\/wp-content\/uploads\/2021\/05\/Ivan-Saravanja-300x300.jpg\" alt=\"\" width=\"300\" height=\"300\" srcset=\"https:\/\/www.ckplac.org\/wp-content\/uploads\/2021\/05\/Ivan-Saravanja-300x300.jpg 300w, https:\/\/www.ckplac.org\/wp-content\/uploads\/2021\/05\/Ivan-Saravanja-100x100.jpg 100w, https:\/\/www.ckplac.org\/wp-content\/uploads\/2021\/05\/Ivan-Saravanja-150x150.jpg 150w, https:\/\/www.ckplac.org\/wp-content\/uploads\/2021\/05\/Ivan-Saravanja-12x12.jpg 12w, https:\/\/www.ckplac.org\/wp-content\/uploads\/2021\/05\/Ivan-Saravanja.jpg 500w\" sizes=\"(max-width: 300px) 100vw, 300px\" \/><\/p>\n<p>&nbsp;<\/p>\n<ol start=\"5\">\n<li>Janko Lazar (7 godina), Lea \u0160antek, kompozicija<\/li>\n<\/ol>\n<p>\u201cSonatinko CeDEvito\u201d I. st. Naran\u010da, II. st. Limun, III. st. Crvena naran\u010da<\/p>\n<p><img decoding=\"async\" loading=\"lazy\" class=\"alignnone size-medium wp-image-3959\" src=\"https:\/\/www.ckplac.org\/wp-content\/uploads\/2021\/05\/Janko-Lazar-izvodjac-300x300.jpg\" alt=\"\" width=\"300\" height=\"300\" srcset=\"https:\/\/www.ckplac.org\/wp-content\/uploads\/2021\/05\/Janko-Lazar-izvodjac-300x300.jpg 300w, https:\/\/www.ckplac.org\/wp-content\/uploads\/2021\/05\/Janko-Lazar-izvodjac-100x100.jpg 100w, https:\/\/www.ckplac.org\/wp-content\/uploads\/2021\/05\/Janko-Lazar-izvodjac-150x150.jpg 150w, https:\/\/www.ckplac.org\/wp-content\/uploads\/2021\/05\/Janko-Lazar-izvodjac-12x12.jpg 12w, https:\/\/www.ckplac.org\/wp-content\/uploads\/2021\/05\/Janko-Lazar-izvodjac.jpg 500w\" sizes=\"(max-width: 300px) 100vw, 300px\" \/><img decoding=\"async\" loading=\"lazy\" class=\"alignnone size-medium wp-image-3960\" src=\"https:\/\/www.ckplac.org\/wp-content\/uploads\/2021\/05\/Lea-Santek-300x300.jpg\" alt=\"\" width=\"300\" height=\"300\" srcset=\"https:\/\/www.ckplac.org\/wp-content\/uploads\/2021\/05\/Lea-Santek-300x300.jpg 300w, https:\/\/www.ckplac.org\/wp-content\/uploads\/2021\/05\/Lea-Santek-100x100.jpg 100w, https:\/\/www.ckplac.org\/wp-content\/uploads\/2021\/05\/Lea-Santek-150x150.jpg 150w, https:\/\/www.ckplac.org\/wp-content\/uploads\/2021\/05\/Lea-Santek-12x12.jpg 12w, https:\/\/www.ckplac.org\/wp-content\/uploads\/2021\/05\/Lea-Santek.jpg 500w\" sizes=\"(max-width: 300px) 100vw, 300px\" \/><\/p>\n<p>&nbsp;<\/p>\n<ol start=\"6\">\n<li>Luka To\u0161ev<\/li>\n<\/ol>\n<p>\u201cWooden Song\u201d<\/p>\n<p><img decoding=\"async\" loading=\"lazy\" class=\"alignnone size-medium wp-image-3961\" src=\"https:\/\/www.ckplac.org\/wp-content\/uploads\/2021\/05\/Luka-Tosev-300x300.jpg\" alt=\"\" width=\"300\" height=\"300\" srcset=\"https:\/\/www.ckplac.org\/wp-content\/uploads\/2021\/05\/Luka-Tosev-300x300.jpg 300w, https:\/\/www.ckplac.org\/wp-content\/uploads\/2021\/05\/Luka-Tosev-100x100.jpg 100w, https:\/\/www.ckplac.org\/wp-content\/uploads\/2021\/05\/Luka-Tosev-150x150.jpg 150w, https:\/\/www.ckplac.org\/wp-content\/uploads\/2021\/05\/Luka-Tosev-12x12.jpg 12w, https:\/\/www.ckplac.org\/wp-content\/uploads\/2021\/05\/Luka-Tosev.jpg 500w\" sizes=\"(max-width: 300px) 100vw, 300px\" \/><\/p>\n<p>&nbsp;<\/p>\n<ol start=\"7\">\n<li>Marija Galjevi\u0107<\/li>\n<\/ol>\n<p>\u201cBalkan Airgang\u201d<\/p>\n<p>\u201cAngelina\u201d<\/p>\n<p>\u201cMarta M\u201d<\/p>\n<p>\u201cZelena M\u201d<\/p>\n<p><img decoding=\"async\" loading=\"lazy\" class=\"alignnone size-medium wp-image-3962\" src=\"https:\/\/www.ckplac.org\/wp-content\/uploads\/2021\/05\/Marija-Galjevic-Angelina-300x300.jpg\" alt=\"\" width=\"300\" height=\"300\" srcset=\"https:\/\/www.ckplac.org\/wp-content\/uploads\/2021\/05\/Marija-Galjevic-Angelina-300x300.jpg 300w, https:\/\/www.ckplac.org\/wp-content\/uploads\/2021\/05\/Marija-Galjevic-Angelina-100x100.jpg 100w, https:\/\/www.ckplac.org\/wp-content\/uploads\/2021\/05\/Marija-Galjevic-Angelina-150x150.jpg 150w, https:\/\/www.ckplac.org\/wp-content\/uploads\/2021\/05\/Marija-Galjevic-Angelina-12x12.jpg 12w, https:\/\/www.ckplac.org\/wp-content\/uploads\/2021\/05\/Marija-Galjevic-Angelina.jpg 500w\" sizes=\"(max-width: 300px) 100vw, 300px\" \/><img decoding=\"async\" loading=\"lazy\" class=\"alignnone size-medium wp-image-3963\" src=\"https:\/\/www.ckplac.org\/wp-content\/uploads\/2021\/05\/Marija-Galjevic-Balkan-Arirang-300x300.jpg\" alt=\"\" width=\"300\" height=\"300\" srcset=\"https:\/\/www.ckplac.org\/wp-content\/uploads\/2021\/05\/Marija-Galjevic-Balkan-Arirang-300x300.jpg 300w, https:\/\/www.ckplac.org\/wp-content\/uploads\/2021\/05\/Marija-Galjevic-Balkan-Arirang-100x100.jpg 100w, https:\/\/www.ckplac.org\/wp-content\/uploads\/2021\/05\/Marija-Galjevic-Balkan-Arirang-150x150.jpg 150w, https:\/\/www.ckplac.org\/wp-content\/uploads\/2021\/05\/Marija-Galjevic-Balkan-Arirang-12x12.jpg 12w, https:\/\/www.ckplac.org\/wp-content\/uploads\/2021\/05\/Marija-Galjevic-Balkan-Arirang.jpg 500w\" sizes=\"(max-width: 300px) 100vw, 300px\" \/><img decoding=\"async\" loading=\"lazy\" class=\"alignnone size-medium wp-image-3964\" src=\"https:\/\/www.ckplac.org\/wp-content\/uploads\/2021\/05\/Marija-Galjevic-Marta-M-300x300.jpg\" alt=\"\" width=\"300\" height=\"300\" srcset=\"https:\/\/www.ckplac.org\/wp-content\/uploads\/2021\/05\/Marija-Galjevic-Marta-M-300x300.jpg 300w, https:\/\/www.ckplac.org\/wp-content\/uploads\/2021\/05\/Marija-Galjevic-Marta-M-100x100.jpg 100w, https:\/\/www.ckplac.org\/wp-content\/uploads\/2021\/05\/Marija-Galjevic-Marta-M-150x150.jpg 150w, https:\/\/www.ckplac.org\/wp-content\/uploads\/2021\/05\/Marija-Galjevic-Marta-M-12x12.jpg 12w, https:\/\/www.ckplac.org\/wp-content\/uploads\/2021\/05\/Marija-Galjevic-Marta-M.jpg 500w\" sizes=\"(max-width: 300px) 100vw, 300px\" \/><img decoding=\"async\" loading=\"lazy\" class=\"alignnone size-medium wp-image-3965\" src=\"https:\/\/www.ckplac.org\/wp-content\/uploads\/2021\/05\/Marija-Galjevic-Zelena-M-300x300.jpg\" alt=\"\" width=\"300\" height=\"300\" srcset=\"https:\/\/www.ckplac.org\/wp-content\/uploads\/2021\/05\/Marija-Galjevic-Zelena-M-300x300.jpg 300w, https:\/\/www.ckplac.org\/wp-content\/uploads\/2021\/05\/Marija-Galjevic-Zelena-M-100x100.jpg 100w, https:\/\/www.ckplac.org\/wp-content\/uploads\/2021\/05\/Marija-Galjevic-Zelena-M-150x150.jpg 150w, https:\/\/www.ckplac.org\/wp-content\/uploads\/2021\/05\/Marija-Galjevic-Zelena-M-12x12.jpg 12w, https:\/\/www.ckplac.org\/wp-content\/uploads\/2021\/05\/Marija-Galjevic-Zelena-M.jpg 500w\" sizes=\"(max-width: 300px) 100vw, 300px\" \/><\/p>\n<p>&nbsp;<\/p>\n<ol start=\"8\">\n<li>Marta Galjevi\u0107<\/li>\n<\/ol>\n<p>\u201cKrug\u201d<\/p>\n<p><img decoding=\"async\" loading=\"lazy\" class=\"alignnone size-medium wp-image-3966\" src=\"https:\/\/www.ckplac.org\/wp-content\/uploads\/2021\/05\/Marta-Galjevic-300x300.jpg\" alt=\"\" width=\"300\" height=\"300\" srcset=\"https:\/\/www.ckplac.org\/wp-content\/uploads\/2021\/05\/Marta-Galjevic-300x300.jpg 300w, https:\/\/www.ckplac.org\/wp-content\/uploads\/2021\/05\/Marta-Galjevic-100x100.jpg 100w, https:\/\/www.ckplac.org\/wp-content\/uploads\/2021\/05\/Marta-Galjevic-150x150.jpg 150w, https:\/\/www.ckplac.org\/wp-content\/uploads\/2021\/05\/Marta-Galjevic-12x12.jpg 12w, https:\/\/www.ckplac.org\/wp-content\/uploads\/2021\/05\/Marta-Galjevic.jpg 500w\" sizes=\"(max-width: 300px) 100vw, 300px\" \/><\/p>\n<p>&nbsp;<\/p>\n<ol start=\"9\">\n<li>M\u00e1t\u00e9 Abraham<\/li>\n<\/ol>\n<p>\u201cThoughts &#8211; cello music box master\u201d<\/p>\n<p><img decoding=\"async\" loading=\"lazy\" class=\"alignnone size-medium wp-image-3967\" src=\"https:\/\/www.ckplac.org\/wp-content\/uploads\/2021\/05\/Mate-Abraham-300x300.jpg\" alt=\"\" width=\"300\" height=\"300\" srcset=\"https:\/\/www.ckplac.org\/wp-content\/uploads\/2021\/05\/Mate-Abraham-300x300.jpg 300w, https:\/\/www.ckplac.org\/wp-content\/uploads\/2021\/05\/Mate-Abraham-100x100.jpg 100w, https:\/\/www.ckplac.org\/wp-content\/uploads\/2021\/05\/Mate-Abraham-150x150.jpg 150w, https:\/\/www.ckplac.org\/wp-content\/uploads\/2021\/05\/Mate-Abraham-12x12.jpg 12w, https:\/\/www.ckplac.org\/wp-content\/uploads\/2021\/05\/Mate-Abraham.jpg 500w\" sizes=\"(max-width: 300px) 100vw, 300px\" \/><\/p>\n<p>&nbsp;<\/p>\n<ol start=\"10\">\n<li>Neboj\u0161a Galjevi\u0107<\/li>\n<\/ol>\n<p>\u201cLalanje\u201d<\/p>\n<p><img decoding=\"async\" loading=\"lazy\" class=\"alignnone size-medium wp-image-3968\" src=\"https:\/\/www.ckplac.org\/wp-content\/uploads\/2021\/05\/Nebojsa-Galjevic-300x300.jpg\" alt=\"\" width=\"300\" height=\"300\" srcset=\"https:\/\/www.ckplac.org\/wp-content\/uploads\/2021\/05\/Nebojsa-Galjevic-300x300.jpg 300w, https:\/\/www.ckplac.org\/wp-content\/uploads\/2021\/05\/Nebojsa-Galjevic-100x100.jpg 100w, https:\/\/www.ckplac.org\/wp-content\/uploads\/2021\/05\/Nebojsa-Galjevic-150x150.jpg 150w, https:\/\/www.ckplac.org\/wp-content\/uploads\/2021\/05\/Nebojsa-Galjevic-12x12.jpg 12w, https:\/\/www.ckplac.org\/wp-content\/uploads\/2021\/05\/Nebojsa-Galjevic.jpg 500w\" sizes=\"(max-width: 300px) 100vw, 300px\" \/><\/p>\n<p>&nbsp;<\/p>\n<ol start=\"11\">\n<li>Netko Netkovi\u0107<\/li>\n<\/ol>\n<p>\u201cAeiou\u201d<\/p>\n<p><img decoding=\"async\" loading=\"lazy\" class=\"alignnone size-medium wp-image-3969\" src=\"https:\/\/www.ckplac.org\/wp-content\/uploads\/2021\/05\/Netko-Netkovic-aeiou-u-srcu-300x300.jpg\" alt=\"\" width=\"300\" height=\"300\" srcset=\"https:\/\/www.ckplac.org\/wp-content\/uploads\/2021\/05\/Netko-Netkovic-aeiou-u-srcu-300x300.jpg 300w, https:\/\/www.ckplac.org\/wp-content\/uploads\/2021\/05\/Netko-Netkovic-aeiou-u-srcu-100x100.jpg 100w, https:\/\/www.ckplac.org\/wp-content\/uploads\/2021\/05\/Netko-Netkovic-aeiou-u-srcu-150x150.jpg 150w, https:\/\/www.ckplac.org\/wp-content\/uploads\/2021\/05\/Netko-Netkovic-aeiou-u-srcu-12x12.jpg 12w, https:\/\/www.ckplac.org\/wp-content\/uploads\/2021\/05\/Netko-Netkovic-aeiou-u-srcu.jpg 500w\" sizes=\"(max-width: 300px) 100vw, 300px\" \/><\/p>\n<p>&nbsp;<\/p>\n<ol start=\"12\">\n<li>Nikola Peri\u0107<\/li>\n<\/ol>\n<p>\u201c Ja imam san da ulep\u0161am dan\u201d<\/p>\n<p>\u201cJa vidim ljude\u201d<\/p>\n<p>\u201cRecite im ne\u201d<\/p>\n<p>\u201cTo je bolji svet\u201d<\/p>\n<p><img decoding=\"async\" loading=\"lazy\" class=\"alignnone size-medium wp-image-3970\" src=\"https:\/\/www.ckplac.org\/wp-content\/uploads\/2021\/05\/Nikola-Peric-300x300.jpg\" alt=\"\" width=\"300\" height=\"300\" srcset=\"https:\/\/www.ckplac.org\/wp-content\/uploads\/2021\/05\/Nikola-Peric-300x300.jpg 300w, https:\/\/www.ckplac.org\/wp-content\/uploads\/2021\/05\/Nikola-Peric-100x100.jpg 100w, https:\/\/www.ckplac.org\/wp-content\/uploads\/2021\/05\/Nikola-Peric-150x150.jpg 150w, https:\/\/www.ckplac.org\/wp-content\/uploads\/2021\/05\/Nikola-Peric-12x12.jpg 12w, https:\/\/www.ckplac.org\/wp-content\/uploads\/2021\/05\/Nikola-Peric.jpg 500w\" sizes=\"(max-width: 300px) 100vw, 300px\" \/><\/p>\n<p>&nbsp;<\/p>\n<ol start=\"13\">\n<li>Szl\u00e1vics Anna \u00e9s Rock Tam\u00e1s<\/li>\n<\/ol>\n<p>\u201cTightrope Waltz\u201d<\/p>\n<p><img decoding=\"async\" loading=\"lazy\" class=\"alignnone size-medium wp-image-3971\" src=\"https:\/\/www.ckplac.org\/wp-content\/uploads\/2021\/05\/Szlavics-Anna-300x300.jpg\" alt=\"\" width=\"300\" height=\"300\" srcset=\"https:\/\/www.ckplac.org\/wp-content\/uploads\/2021\/05\/Szlavics-Anna-300x300.jpg 300w, https:\/\/www.ckplac.org\/wp-content\/uploads\/2021\/05\/Szlavics-Anna-100x100.jpg 100w, https:\/\/www.ckplac.org\/wp-content\/uploads\/2021\/05\/Szlavics-Anna-150x150.jpg 150w, https:\/\/www.ckplac.org\/wp-content\/uploads\/2021\/05\/Szlavics-Anna-12x12.jpg 12w, https:\/\/www.ckplac.org\/wp-content\/uploads\/2021\/05\/Szlavics-Anna.jpg 500w\" sizes=\"(max-width: 300px) 100vw, 300px\" \/><\/p>\n<p>&nbsp;<\/p>\n<ol start=\"14\">\n<li>Vanja Dabi\u0107<\/li>\n<\/ol>\n<p>\u201cValcer u letu\u201d<\/p>\n<p><img decoding=\"async\" loading=\"lazy\" class=\"alignnone size-medium wp-image-3972\" src=\"https:\/\/www.ckplac.org\/wp-content\/uploads\/2021\/05\/Vanja-Dabic-300x300.jpg\" alt=\"\" width=\"300\" height=\"300\" srcset=\"https:\/\/www.ckplac.org\/wp-content\/uploads\/2021\/05\/Vanja-Dabic-300x300.jpg 300w, https:\/\/www.ckplac.org\/wp-content\/uploads\/2021\/05\/Vanja-Dabic-100x100.jpg 100w, https:\/\/www.ckplac.org\/wp-content\/uploads\/2021\/05\/Vanja-Dabic-150x150.jpg 150w, https:\/\/www.ckplac.org\/wp-content\/uploads\/2021\/05\/Vanja-Dabic-12x12.jpg 12w, https:\/\/www.ckplac.org\/wp-content\/uploads\/2021\/05\/Vanja-Dabic.jpg 500w\" sizes=\"(max-width: 300px) 100vw, 300px\" \/><\/p>\n<p>&nbsp;<\/p>\n<ol start=\"15\">\n<li>Vladimir \u0110enadi\u0107, Milivoj Kosti\u0107, Milan \u0110enadi\u0107<\/li>\n<\/ol>\n<p>\u201cMnogo se toga dobrog dogodi\u201d<\/p>\n<p>\u201cOmraz Song\u201d<\/p>\n<p>\u201cOtvaranje paketi\u0107a\u201d<\/p>\n<p><img decoding=\"async\" loading=\"lazy\" class=\"alignnone size-medium wp-image-3973\" src=\"https:\/\/www.ckplac.org\/wp-content\/uploads\/2021\/05\/Vladimir-Djenadic-Milivoj-Kostic-Milan-Djenadic-300x300.jpg\" alt=\"\" width=\"300\" height=\"300\" srcset=\"https:\/\/www.ckplac.org\/wp-content\/uploads\/2021\/05\/Vladimir-Djenadic-Milivoj-Kostic-Milan-Djenadic-300x300.jpg 300w, https:\/\/www.ckplac.org\/wp-content\/uploads\/2021\/05\/Vladimir-Djenadic-Milivoj-Kostic-Milan-Djenadic-100x100.jpg 100w, https:\/\/www.ckplac.org\/wp-content\/uploads\/2021\/05\/Vladimir-Djenadic-Milivoj-Kostic-Milan-Djenadic-150x150.jpg 150w, https:\/\/www.ckplac.org\/wp-content\/uploads\/2021\/05\/Vladimir-Djenadic-Milivoj-Kostic-Milan-Djenadic-12x12.jpg 12w, https:\/\/www.ckplac.org\/wp-content\/uploads\/2021\/05\/Vladimir-Djenadic-Milivoj-Kostic-Milan-Djenadic.jpg 500w\" sizes=\"(max-width: 300px) 100vw, 300px\" \/><\/p>\n<p>&nbsp;<\/p>\n<ol start=\"16\">\n<li>\u017darko \u0110or\u0111evi\u0107<\/li>\n<\/ol>\n<p>\u201cBebina kolevka\u201d<\/p>\n<p>\u201cDeda Mraz i irvasi\u201d<\/p>\n<p>\u201cLudi nau\u010dnik\u201d<\/p>\n<p>\u201cMuzi\u010dka kutija\u201d<\/p>\n<p>\u201cMoja prva avantura\u201d<\/p>\n<p>\u201cPri\u010da za laku no\u0107\u201d<\/p>\n<p>\u201cPrva ljubav\u201d<\/p>\n<p><img decoding=\"async\" loading=\"lazy\" class=\"alignnone size-medium wp-image-3974\" src=\"https:\/\/www.ckplac.org\/wp-content\/uploads\/2021\/05\/Zarko-DJordjevic-300x300.jpg\" alt=\"\" width=\"300\" height=\"300\" srcset=\"https:\/\/www.ckplac.org\/wp-content\/uploads\/2021\/05\/Zarko-DJordjevic-300x300.jpg 300w, https:\/\/www.ckplac.org\/wp-content\/uploads\/2021\/05\/Zarko-DJordjevic-100x100.jpg 100w, https:\/\/www.ckplac.org\/wp-content\/uploads\/2021\/05\/Zarko-DJordjevic-150x150.jpg 150w, https:\/\/www.ckplac.org\/wp-content\/uploads\/2021\/05\/Zarko-DJordjevic-12x12.jpg 12w, https:\/\/www.ckplac.org\/wp-content\/uploads\/2021\/05\/Zarko-DJordjevic.jpg 500w\" sizes=\"(max-width: 300px) 100vw, 300px\" \/><\/p>\n<p>&nbsp;<\/p>\n<p>Zahvaljujemo svim autorkama i autorima! Kompilacija je dostupna i na adresi: <a href=\"https:\/\/www.mixcloud.com\/radioplac\/\">mixcluoud<\/a>.<\/p>\n<p>&nbsp;<\/p>\n<p>&nbsp;<\/p>\n<p>Ovaj poziv je deo projekta \u201cGlas zajednice\u201d u organizaciji Udru\u017eenja gra\u0111ana Klara i Rosa iz Subotice, uz podr\u0161ku Nacionalne koalicije za decentralizaciju, Grupe 484 i Fondacije Jelena \u0160anti\u0107, uz finansijsku pomo\u0107 Evropske unije (EUzaTebe) i ameri\u010dkog naroda putem ameri\u010dke agencije za me\u0111unarodni razvoj (USAID).<\/p>\n<p>#EUzaTebe<\/p>\n\n\t\t<\/div> \n\t<\/div> \t<div class=\"vc_empty_space\"  style=\"height: 20px\" ><span\n\t\t\tclass=\"vc_empty_space_inner\">\n\t\t\t<span class=\"empty_space_image\"  ><\/span>\n\t\t<\/span><\/div>\n\n\n\t<div class=\"wpb_text_column wpb_content_element\">\n\t\t<div class=\"wpb_wrapper\">\n\t\t\t\n\t\t<\/div> \n\t<\/div> <\/div><\/div><\/div><\/div><div class='q_elements_holder one_column responsive_mode_from_768' ><div class='q_elements_item' data-600-768='0px 10px 40px 10px' data-480-600='0px 10px 40px 10px' data-480='0px 10px 40px 10px' data-animation='no' data-item-class='q_elements_holder_custom_706734'><div class='q_elements_item_inner'><div class='q_elements_item_content q_elements_holder_custom_706734' style='padding:0px 0px 80px 30px'>\n\t<div class=\"wpb_text_column wpb_content_element\">\n\t\t<div class=\"wpb_wrapper\">\n\t\t\t<h6>Archive<\/h6>\n\n\t\t<\/div> \n\t<\/div> <div class=\"separator  normal\" style=\"background-color: #f2f2f2;height: 1px;\"><\/div>\n\t<div class=\"vc_empty_space\"  style=\"height: 20px\" ><span\n\t\t\tclass=\"vc_empty_space_inner\">\n\t\t\t<span class=\"empty_space_image\"  ><\/span>\n\t\t<\/span><\/div>\n\n<div class=\"qode-accordion-holder clearfix qode-accordion qode-initial\">\n\t<h5 class=\"clearfix qode-title-holder\">\n<span class=\"qode-tab-title\">\n\t    <span class=\"qode-tab-title-inner\">\n        2021    <\/span>\n<\/span>\n<span class=\"qode-accordion-mark\">\n    <span class=\"qode-accordion-mark-icon\">\n        <span class=\"icon_plus\"><\/span>\n        <span class=\"icon_minus-06\"><\/span>\n    <\/span>\n<\/span>\n<\/h5>\n<div  class=\"qode-accordion-content\" >\n    <div class=\"qode-accordion-content-inner\">\n        \n\t<div class=\"wpb_raw_code wpb_content_element wpb_raw_html\" >\n\t\t<div class=\"wpb_wrapper\">\n\t\t\t<iframe title=\"Fono I Sofija \/ Instrumentalna Muzika Za Decu (2021)\" width=\"100%\" height=\"120\" src=\"https:\/\/www.mixcloud.com\/widget\/iframe\/?feed=https%3A%2F%2Fwww.mixcloud.com%2Fradioplac%2Ffono-i-sofija-instrumentalna-muzika-za-decu-2021%2F&amp;hide_cover=1\" frameborder=\"0\"><\/iframe>\n\t\t<\/div>\n\t<\/div>\n\t<div class=\"vc_empty_space\"  style=\"height: 10px\" ><span\n\t\t\tclass=\"vc_empty_space_inner\">\n\t\t\t<span class=\"empty_space_image\"  ><\/span>\n\t\t<\/span><\/div>\n\n    <\/div>\n<\/div><\/div><\/div><\/div><\/div><\/div><\/div><\/div><\/div><\/div><\/div>\n<\/section>","protected":false},"excerpt":{"rendered":"Share on: O emisiji Stvaranjem kompozicija koje se ne vezuju za re\u010di otvaramo prostor imaginacije...","protected":false},"author":2,"featured_media":3928,"parent":13,"menu_order":0,"comment_status":"closed","ping_status":"closed","template":"","meta":{"inline_featured_image":false,"footnotes":""},"aioseo_notices":[],"_links":{"self":[{"href":"https:\/\/www.ckplac.org\/en\/wp-json\/wp\/v2\/pages\/3929"}],"collection":[{"href":"https:\/\/www.ckplac.org\/en\/wp-json\/wp\/v2\/pages"}],"about":[{"href":"https:\/\/www.ckplac.org\/en\/wp-json\/wp\/v2\/types\/page"}],"author":[{"embeddable":true,"href":"https:\/\/www.ckplac.org\/en\/wp-json\/wp\/v2\/users\/2"}],"replies":[{"embeddable":true,"href":"https:\/\/www.ckplac.org\/en\/wp-json\/wp\/v2\/comments?post=3929"}],"version-history":[{"count":10,"href":"https:\/\/www.ckplac.org\/en\/wp-json\/wp\/v2\/pages\/3929\/revisions"}],"predecessor-version":[{"id":5177,"href":"https:\/\/www.ckplac.org\/en\/wp-json\/wp\/v2\/pages\/3929\/revisions\/5177"}],"up":[{"embeddable":true,"href":"https:\/\/www.ckplac.org\/en\/wp-json\/wp\/v2\/pages\/13"}],"wp:featuredmedia":[{"embeddable":true,"href":"https:\/\/www.ckplac.org\/en\/wp-json\/wp\/v2\/media\/3928"}],"wp:attachment":[{"href":"https:\/\/www.ckplac.org\/en\/wp-json\/wp\/v2\/media?parent=3929"}],"curies":[{"name":"wp","href":"https:\/\/api.w.org\/{rel}","templated":true}]}}